{"id":2986,"date":"2025-07-03T21:44:17","date_gmt":"2025-07-03T21:44:17","guid":{"rendered":"https:\/\/parroquiasanbartolome.org\/matricula\/?page_id=2986"},"modified":"2026-07-30T14:44:01","modified_gmt":"2026-07-30T14:44:01","slug":"validacion-espacios-confirmacion-adultos","status":"publish","type":"page","link":"https:\/\/parroquiasanbartolome.org\/matricula\/validacion-espacios-confirmacion-adultos\/","title":{"rendered":"Validaci\u00f3n Espacios Confirmaci\u00f3n Adultos"},"content":{"rendered":"\t\t<div data-elementor-type=\"wp-page\" data-elementor-id=\"2986\" class=\"elementor elementor-2986\" data-elementor-post-type=\"page\">\n\t\t\t\t\t\t<section class=\"elementor-section elementor-top-section elementor-element elementor-element-6b0ba08 elementor-section-boxed elementor-section-height-default elementor-section-height-default\" data-id=\"6b0ba08\" data-element_type=\"section\" data-e-type=\"section\">\n\t\t\t\t\t\t<div class=\"elementor-container elementor-column-gap-default\">\n\t\t\t\t\t<div class=\"elementor-column elementor-col-100 elementor-top-column elementor-element elementor-element-8af45e6\" data-id=\"8af45e6\" data-element_type=\"column\" data-e-type=\"column\">\n\t\t\t<div class=\"elementor-widget-wrap elementor-element-populated\">\n\t\t\t\t\t\t<div class=\"elementor-element elementor-element-dfa65a7 elementor-widget elementor-widget-image\" data-id=\"dfa65a7\" data-element_type=\"widget\" data-e-type=\"widget\" data-widget_type=\"image.default\">\n\t\t\t\t<div class=\"elementor-widget-container\">\n\t\t\t\t\t\t\t\t\t\t\t\t\t\t\t<img fetchpriority=\"high\" decoding=\"async\" width=\"800\" height=\"800\" src=\"https:\/\/parroquiasanbartolome.org\/matricula\/wp-content\/uploads\/sites\/9\/2024\/02\/LOGO-BARVA-1024x1024.png\" class=\"attachment-large size-large wp-image-2389\" alt=\"\" srcset=\"https:\/\/parroquiasanbartolome.org\/matricula\/wp-content\/uploads\/sites\/9\/2024\/02\/LOGO-BARVA-1024x1024.png 1024w, https:\/\/parroquiasanbartolome.org\/matricula\/wp-content\/uploads\/sites\/9\/2024\/02\/LOGO-BARVA-300x300.png 300w, https:\/\/parroquiasanbartolome.org\/matricula\/wp-content\/uploads\/sites\/9\/2024\/02\/LOGO-BARVA-150x150.png 150w, https:\/\/parroquiasanbartolome.org\/matricula\/wp-content\/uploads\/sites\/9\/2024\/02\/LOGO-BARVA-768x768.png 768w, https:\/\/parroquiasanbartolome.org\/matricula\/wp-content\/uploads\/sites\/9\/2024\/02\/LOGO-BARVA-1536x1536.png 1536w, https:\/\/parroquiasanbartolome.org\/matricula\/wp-content\/uploads\/sites\/9\/2024\/02\/LOGO-BARVA-2048x2048.png 2048w\" sizes=\"(max-width: 800px) 100vw, 800px\" \/>\t\t\t\t\t\t\t\t\t\t\t\t\t\t\t<\/div>\n\t\t\t\t<\/div>\n\t\t\t\t\t<\/div>\n\t\t<\/div>\n\t\t\t\t\t<\/div>\n\t\t<\/section>\n\t\t\t\t<section class=\"elementor-section elementor-top-section elementor-element elementor-element-26e5262 elementor-section-boxed elementor-section-height-default elementor-section-height-default\" data-id=\"26e5262\" data-element_type=\"section\" data-e-type=\"section\" data-settings=\"{&quot;background_background&quot;:&quot;classic&quot;}\">\n\t\t\t\t\t\t<div class=\"elementor-container elementor-column-gap-default\">\n\t\t\t\t\t<div class=\"elementor-column elementor-col-100 elementor-top-column elementor-element elementor-element-3c680de\" data-id=\"3c680de\" data-element_type=\"column\" data-e-type=\"column\">\n\t\t\t<div class=\"elementor-widget-wrap elementor-element-populated\">\n\t\t\t\t\t\t<div class=\"elementor-element elementor-element-c27bafb elementor-widget elementor-widget-spacer\" data-id=\"c27bafb\" data-element_type=\"widget\" data-e-type=\"widget\" data-widget_type=\"spacer.default\">\n\t\t\t\t<div class=\"elementor-widget-container\">\n\t\t\t\t\t\t\t<div class=\"elementor-spacer\">\n\t\t\t<div class=\"elementor-spacer-inner\"><\/div>\n\t\t<\/div>\n\t\t\t\t\t\t<\/div>\n\t\t\t\t<\/div>\n\t\t\t\t\t<\/div>\n\t\t<\/div>\n\t\t\t\t\t<\/div>\n\t\t<\/section>\n\t\t\t\t<section class=\"elementor-section elementor-top-section elementor-element elementor-element-d361bad elementor-section-boxed elementor-section-height-default elementor-section-height-default\" data-id=\"d361bad\" data-element_type=\"section\" data-e-type=\"section\" data-settings=\"{&quot;background_background&quot;:&quot;classic&quot;}\">\n\t\t\t\t\t\t<div class=\"elementor-container elementor-column-gap-default\">\n\t\t\t\t\t<div class=\"elementor-column elementor-col-100 elementor-top-column elementor-element elementor-element-7c9ba7a\" data-id=\"7c9ba7a\" data-element_type=\"column\" data-e-type=\"column\">\n\t\t\t<div class=\"elementor-widget-wrap elementor-element-populated\">\n\t\t\t\t\t\t<div class=\"elementor-element elementor-element-39af992 elementor-hidden-desktop elementor-hidden-tablet elementor-view-default elementor-widget elementor-widget-icon\" data-id=\"39af992\" data-element_type=\"widget\" data-e-type=\"widget\" data-widget_type=\"icon.default\">\n\t\t\t\t<div class=\"elementor-widget-container\">\n\t\t\t\t\t\t\t<div class=\"elementor-icon-wrapper\">\n\t\t\t<div class=\"elementor-icon\">\n\t\t\t<i aria-hidden=\"true\" class=\"fas fa-info-circle\"><\/i>\t\t\t<\/div>\n\t\t<\/div>\n\t\t\t\t\t\t<\/div>\n\t\t\t\t<\/div>\n\t\t\t\t\t<\/div>\n\t\t<\/div>\n\t\t\t\t\t<\/div>\n\t\t<\/section>\n\t\t\t\t<section class=\"elementor-section elementor-top-section elementor-element elementor-element-7530fad elementor-hidden-phone elementor-section-boxed elementor-section-height-default elementor-section-height-default\" data-id=\"7530fad\" data-element_type=\"section\" data-e-type=\"section\" data-settings=\"{&quot;background_background&quot;:&quot;classic&quot;}\">\n\t\t\t\t\t\t<div class=\"elementor-container elementor-column-gap-default\">\n\t\t\t\t\t<div class=\"elementor-column elementor-col-100 elementor-top-column elementor-element elementor-element-ca45cf7\" data-id=\"ca45cf7\" data-element_type=\"column\" data-e-type=\"column\">\n\t\t\t<div class=\"elementor-widget-wrap elementor-element-populated\">\n\t\t\t\t\t\t<div class=\"elementor-element elementor-element-6e0a17a elementor-alert-warning elementor-widget elementor-widget-alert\" data-id=\"6e0a17a\" data-element_type=\"widget\" data-e-type=\"widget\" data-widget_type=\"alert.default\">\n\t\t\t\t<div class=\"elementor-widget-container\">\n\t\t\t\t\t\t\t<div class=\"elementor-alert\" role=\"alert\">\n\n\t\t\t\t\t\t<span class=\"elementor-alert-title\">\u00a1Tenga en cuenta!<\/span>\n\t\t\t\n\t\t\t\t\t\t<span class=\"elementor-alert-description\">El formulario se completa <b>por persona<\/b>. Si usted desea inscribir a alguien m\u00e1s, debe llenar otro formulario. <\/span>\n\t\t\t\n\t\t\t\t\t\t<button type=\"button\" class=\"elementor-alert-dismiss\" aria-label=\"Descartar esta alerta.\">\n\t\t\t\t\t\t\t\t\t<span aria-hidden=\"true\">&times;<\/span>\n\t\t\t\t\t\t\t<\/button>\n\t\t\t\n\t\t<\/div>\n\t\t\t\t\t\t<\/div>\n\t\t\t\t<\/div>\n\t\t\t\t<div class=\"elementor-element elementor-element-d217d6e elementor-view-default elementor-widget elementor-widget-icon\" data-id=\"d217d6e\" data-element_type=\"widget\" data-e-type=\"widget\" data-widget_type=\"icon.default\">\n\t\t\t\t<div class=\"elementor-widget-container\">\n\t\t\t\t\t\t\t<div class=\"elementor-icon-wrapper\">\n\t\t\t<div class=\"elementor-icon\">\n\t\t\t<i aria-hidden=\"true\" class=\"fas fa-info-circle\"><\/i>\t\t\t<\/div>\n\t\t<\/div>\n\t\t\t\t\t\t<\/div>\n\t\t\t\t<\/div>\n\t\t\t\t\t<\/div>\n\t\t<\/div>\n\t\t\t\t\t<\/div>\n\t\t<\/section>\n\t\t\t\t<section class=\"elementor-section elementor-top-section elementor-element elementor-element-1db19fa elementor-section-boxed elementor-section-height-default elementor-section-height-default\" data-id=\"1db19fa\" data-element_type=\"section\" data-e-type=\"section\" data-settings=\"{&quot;background_background&quot;:&quot;classic&quot;}\">\n\t\t\t\t\t\t<div class=\"elementor-container elementor-column-gap-default\">\n\t\t\t\t\t<div class=\"elementor-column elementor-col-100 elementor-top-column elementor-element elementor-element-77d6ed1\" data-id=\"77d6ed1\" data-element_type=\"column\" data-e-type=\"column\">\n\t\t\t<div class=\"elementor-widget-wrap elementor-element-populated\">\n\t\t\t\t\t\t<div class=\"elementor-element elementor-element-2067909 elementor-widget elementor-widget-shortcode\" data-id=\"2067909\" data-element_type=\"widget\" data-e-type=\"widget\" data-widget_type=\"shortcode.default\">\n\t\t\t\t<div class=\"elementor-widget-container\">\n\t\t\t\t\t\t\t<div class=\"elementor-shortcode\">\u00a1Lo sentimos no contamos con campos disponibles para esta Catequesis!<\/div>\n\t\t\t\t\t\t<\/div>\n\t\t\t\t<\/div>\n\t\t\t\t\t<\/div>\n\t\t<\/div>\n\t\t\t\t\t<\/div>\n\t\t<\/section>\n\t\t\t\t<section class=\"elementor-section elementor-top-section elementor-element elementor-element-5eb7e35 elementor-section-boxed elementor-section-height-default elementor-section-height-default\" data-id=\"5eb7e35\" data-element_type=\"section\" data-e-type=\"section\" data-settings=\"{&quot;background_background&quot;:&quot;classic&quot;}\">\n\t\t\t\t\t\t<div class=\"elementor-container elementor-column-gap-default\">\n\t\t\t\t\t<div class=\"elementor-column elementor-col-100 elementor-top-column elementor-element elementor-element-4a59d98\" data-id=\"4a59d98\" data-element_type=\"column\" data-e-type=\"column\">\n\t\t\t<div class=\"elementor-widget-wrap elementor-element-populated\">\n\t\t\t\t\t\t<div class=\"elementor-element elementor-element-c4efd1a elementor-widget elementor-widget-spacer\" data-id=\"c4efd1a\" data-element_type=\"widget\" data-e-type=\"widget\" data-widget_type=\"spacer.default\">\n\t\t\t\t<div class=\"elementor-widget-container\">\n\t\t\t\t\t\t\t<div class=\"elementor-spacer\">\n\t\t\t<div class=\"elementor-spacer-inner\"><\/div>\n\t\t<\/div>\n\t\t\t\t\t\t<\/div>\n\t\t\t\t<\/div>\n\t\t\t\t\t<\/div>\n\t\t<\/div>\n\t\t\t\t\t<\/div>\n\t\t<\/section>\n\t\t\t\t<section class=\"elementor-section elementor-top-section elementor-element elementor-element-958b79b elementor-section-boxed elementor-section-height-default elementor-section-height-default\" data-id=\"958b79b\" data-element_type=\"section\" data-e-type=\"section\" data-settings=\"{&quot;background_background&quot;:&quot;classic&quot;}\">\n\t\t\t\t\t\t<div class=\"elementor-container elementor-column-gap-default\">\n\t\t\t\t\t<div class=\"elementor-column elementor-col-100 elementor-top-column elementor-element elementor-element-69dbc0e\" data-id=\"69dbc0e\" data-element_type=\"column\" data-e-type=\"column\">\n\t\t\t<div class=\"elementor-widget-wrap elementor-element-populated\">\n\t\t\t\t\t\t<div class=\"elementor-element elementor-element-b1f01c9 elementor-widget elementor-widget-spacer\" data-id=\"b1f01c9\" data-element_type=\"widget\" data-e-type=\"widget\" data-widget_type=\"spacer.default\">\n\t\t\t\t<div class=\"elementor-widget-container\">\n\t\t\t\t\t\t\t<div class=\"elementor-spacer\">\n\t\t\t<div class=\"elementor-spacer-inner\"><\/div>\n\t\t<\/div>\n\t\t\t\t\t\t<\/div>\n\t\t\t\t<\/div>\n\t\t\t\t\t<\/div>\n\t\t<\/div>\n\t\t\t\t\t<\/div>\n\t\t<\/section>\n\t\t\t\t<footer class=\"elementor-section elementor-top-section elementor-element elementor-element-65facd1 elementor-section-content-middle elementor-section-boxed elementor-section-height-default elementor-section-height-default\" data-id=\"65facd1\" data-element_type=\"section\" data-e-type=\"section\" data-settings=\"{&quot;background_background&quot;:&quot;gradient&quot;}\">\n\t\t\t\t\t\t<div class=\"elementor-container elementor-column-gap-default\">\n\t\t\t\t\t<div class=\"elementor-column elementor-col-100 elementor-top-column elementor-element elementor-element-a1ff273\" data-id=\"a1ff273\" data-element_type=\"column\" data-e-type=\"column\">\n\t\t\t<div class=\"elementor-widget-wrap elementor-element-populated\">\n\t\t\t\t\t\t<div class=\"elementor-element elementor-element-349c3fe elementor-widget elementor-widget-text-editor\" data-id=\"349c3fe\" data-element_type=\"widget\" data-e-type=\"widget\" data-widget_type=\"text-editor.default\">\n\t\t\t\t<div class=\"elementor-widget-container\">\n\t\t\t\t\t\t\t\t\t<p style=\"text-align: center;\">Inscripci\u00f3n de Catequesis \u2013 <a href=\"https:\/\/parroquiasanbartolome.org\/\">Parroquia San Bartolom\u00e9 Ap\u00f3stol<\/a>, Barva de Heredia, Costa Rica. Pastoral de Comunicaci\u00f3n. 2025.<\/p>\t\t\t\t\t\t\t\t<\/div>\n\t\t\t\t<\/div>\n\t\t\t\t<div class=\"elementor-element elementor-element-f898c2d elementor-widget elementor-widget-text-editor\" data-id=\"f898c2d\" data-element_type=\"widget\" data-e-type=\"widget\" data-widget_type=\"text-editor.default\">\n\t\t\t\t<div class=\"elementor-widget-container\">\n\t\t\t\t\t\t\t\t\t<p style=\"text-align: center;\"><a href=\"https:\/\/parroquiasanbartolome.org\/politica-privacidad\/\">Pol\u00edtica de Privacidad<\/a>\u00a0 \u00a0|\u00a0 \u00a0 <a href=\"https:\/\/www.google.com\/maps\/place\/Parroquia+San+Bartolom%C3%A9+Ap%C3%B3stol+Barva\/@10.0208681,-84.123352,15z\/data=!4m2!3m1!1s0x0:0x1f125d8e458a37b4?sa=X&amp;ved=2ahUKEwjquNuFwPz7AhXvSzABHcg7CtoQ_BJ6BAhuEAk\">Ubicaci\u00f3n<\/a>\u00a0 \u00a0 |\u00a0 \u00a0 <a href=\"https:\/\/www.google.com\/maps\/uv?pb=!1s0x8fa0fa988eb92ecb%3A0x1f125d8e458a37b4!5sParroquia%20San%20Bartolom%C3%A9%20Ap%C3%B3stol%20Barva!15sCgIgARICCAI&amp;imagekey=!1e2!2sHSZvvwN-iZZu1et7rWx8hg\">Tour 360<\/a><\/p>\t\t\t\t\t\t\t\t<\/div>\n\t\t\t\t<\/div>\n\t\t\t\t\t<\/div>\n\t\t<\/div>\n\t\t\t\t\t<\/div>\n\t\t<\/footer>\n\t\t\t\t<\/div>\n\t\t","protected":false},"excerpt":{"rendered":"<p>\u00a1Tenga en cuenta! El formulario se completa por persona. Si usted desea inscribir a alguien m\u00e1s, debe llenar otro formulario. &times; Inscripci\u00f3n de Catequesis \u2013 Parroquia San Bartolom\u00e9 Ap\u00f3stol, Barva de Heredia, Costa Rica. Pastoral de Comunicaci\u00f3n. 2025. Pol\u00edtica de Privacidad\u00a0 \u00a0|\u00a0 \u00a0 Ubicaci\u00f3n\u00a0 \u00a0 |\u00a0 \u00a0 Tour 360<\/p>\n","protected":false},"author":1,"featured_media":0,"parent":0,"menu_order":0,"comment_status":"closed","ping_status":"closed","template":"elementor_canvas","meta":{"_joinchat":[],"footnotes":""},"class_list":["post-2986","page","type-page","status-publish","hentry"],"yoast_head":"<!-- This site is optimized with the Yoast SEO plugin v28.3 - https:\/\/yoast.com\/product\/yoast-seo-wordpress\/ -->\n<title>Validaci\u00f3n Espacios Confirmaci\u00f3n Adultos - Inscripciones<\/title>\n<meta name=\"robots\" content=\"index, follow, max-snippet:-1, max-image-preview:large, max-video-preview:-1\" \/>\n<link rel=\"canonical\" href=\"https:\/\/parroquiasanbartolome.org\/matricula\/validacion-espacios-confirmacion-adultos\/\" \/>\n<meta property=\"og:locale\" content=\"es_ES\" \/>\n<meta property=\"og:type\" content=\"article\" \/>\n<meta property=\"og:title\" content=\"Validaci\u00f3n Espacios Confirmaci\u00f3n Adultos - Inscripciones\" \/>\n<meta property=\"og:description\" content=\"\u00a1Tenga en cuenta! El formulario se completa por persona. Si usted desea inscribir a alguien m\u00e1s, debe llenar otro formulario. &times; Inscripci\u00f3n de Catequesis \u2013 Parroquia San Bartolom\u00e9 Ap\u00f3stol, Barva de Heredia, Costa Rica. Pastoral de Comunicaci\u00f3n. 2025. Pol\u00edtica de Privacidad\u00a0 \u00a0|\u00a0 \u00a0 Ubicaci\u00f3n\u00a0 \u00a0 |\u00a0 \u00a0 Tour 360\" \/>\n<meta property=\"og:url\" content=\"https:\/\/parroquiasanbartolome.org\/matricula\/validacion-espacios-confirmacion-adultos\/\" \/>\n<meta property=\"og:site_name\" content=\"Inscripciones\" \/>\n<meta property=\"article:modified_time\" content=\"2026-07-30T14:44:01+00:00\" \/>\n<meta property=\"og:image\" content=\"https:\/\/parroquiasanbartolome.org\/matricula\/wp-content\/uploads\/sites\/9\/2024\/02\/LOGO-BARVA.png\" \/>\n\t<meta property=\"og:image:width\" content=\"3000\" \/>\n\t<meta property=\"og:image:height\" content=\"3000\" \/>\n\t<meta property=\"og:image:type\" content=\"image\/png\" \/>\n<meta name=\"twitter:card\" content=\"summary_large_image\" \/>\n<meta name=\"twitter:label1\" content=\"Tiempo de lectura\" \/>\n\t<meta name=\"twitter:data1\" content=\"1 minuto\" \/>\n<script type=\"application\/ld+json\" class=\"yoast-schema-graph\">{\"@context\":\"https:\\\/\\\/schema.org\",\"@graph\":[{\"@type\":\"WebPage\",\"@id\":\"https:\\\/\\\/parroquiasanbartolome.org\\\/matricula\\\/validacion-espacios-confirmacion-adultos\\\/\",\"url\":\"https:\\\/\\\/parroquiasanbartolome.org\\\/matricula\\\/validacion-espacios-confirmacion-adultos\\\/\",\"name\":\"Validaci\u00f3n Espacios Confirmaci\u00f3n Adultos - Inscripciones\",\"isPartOf\":{\"@id\":\"https:\\\/\\\/parroquiasanbartolome.org\\\/matricula\\\/#website\"},\"primaryImageOfPage\":{\"@id\":\"https:\\\/\\\/parroquiasanbartolome.org\\\/matricula\\\/validacion-espacios-confirmacion-adultos\\\/#primaryimage\"},\"image\":{\"@id\":\"https:\\\/\\\/parroquiasanbartolome.org\\\/matricula\\\/validacion-espacios-confirmacion-adultos\\\/#primaryimage\"},\"thumbnailUrl\":\"https:\\\/\\\/parroquiasanbartolome.org\\\/matricula\\\/wp-content\\\/uploads\\\/sites\\\/9\\\/2024\\\/02\\\/LOGO-BARVA-1024x1024.png\",\"datePublished\":\"2025-07-03T21:44:17+00:00\",\"dateModified\":\"2026-07-30T14:44:01+00:00\",\"breadcrumb\":{\"@id\":\"https:\\\/\\\/parroquiasanbartolome.org\\\/matricula\\\/validacion-espacios-confirmacion-adultos\\\/#breadcrumb\"},\"inLanguage\":\"es\",\"potentialAction\":[{\"@type\":\"ReadAction\",\"target\":[\"https:\\\/\\\/parroquiasanbartolome.org\\\/matricula\\\/validacion-espacios-confirmacion-adultos\\\/\"]}]},{\"@type\":\"ImageObject\",\"inLanguage\":\"es\",\"@id\":\"https:\\\/\\\/parroquiasanbartolome.org\\\/matricula\\\/validacion-espacios-confirmacion-adultos\\\/#primaryimage\",\"url\":\"https:\\\/\\\/parroquiasanbartolome.org\\\/matricula\\\/wp-content\\\/uploads\\\/sites\\\/9\\\/2024\\\/02\\\/LOGO-BARVA.png\",\"contentUrl\":\"https:\\\/\\\/parroquiasanbartolome.org\\\/matricula\\\/wp-content\\\/uploads\\\/sites\\\/9\\\/2024\\\/02\\\/LOGO-BARVA.png\",\"width\":3000,\"height\":3000},{\"@type\":\"BreadcrumbList\",\"@id\":\"https:\\\/\\\/parroquiasanbartolome.org\\\/matricula\\\/validacion-espacios-confirmacion-adultos\\\/#breadcrumb\",\"itemListElement\":[{\"@type\":\"ListItem\",\"position\":1,\"name\":\"Portada\",\"item\":\"https:\\\/\\\/parroquiasanbartolome.org\\\/matricula\\\/\"},{\"@type\":\"ListItem\",\"position\":2,\"name\":\"Validaci\u00f3n Espacios Confirmaci\u00f3n Adultos\"}]},{\"@type\":\"WebSite\",\"@id\":\"https:\\\/\\\/parroquiasanbartolome.org\\\/matricula\\\/#website\",\"url\":\"https:\\\/\\\/parroquiasanbartolome.org\\\/matricula\\\/\",\"name\":\"Inscripciones a Catequesis Parroquia San Bartolom\u00e9 Ap\u00f3stol\",\"description\":\"Inscripciones Catequesis Parroquia San Bartolom\u00e9 Ap\u00f3stol\",\"potentialAction\":[{\"@type\":\"SearchAction\",\"target\":{\"@type\":\"EntryPoint\",\"urlTemplate\":\"https:\\\/\\\/parroquiasanbartolome.org\\\/matricula\\\/?s={search_term_string}\"},\"query-input\":{\"@type\":\"PropertyValueSpecification\",\"valueRequired\":true,\"valueName\":\"search_term_string\"}}],\"inLanguage\":\"es\"}]}<\/script>\n<!-- \/ Yoast SEO plugin. -->","yoast_head_json":{"title":"Validaci\u00f3n Espacios Confirmaci\u00f3n Adultos - Inscripciones","robots":{"index":"index","follow":"follow","max-snippet":"max-snippet:-1","max-image-preview":"max-image-preview:large","max-video-preview":"max-video-preview:-1"},"canonical":"https:\/\/parroquiasanbartolome.org\/matricula\/validacion-espacios-confirmacion-adultos\/","og_locale":"es_ES","og_type":"article","og_title":"Validaci\u00f3n Espacios Confirmaci\u00f3n Adultos - Inscripciones","og_description":"\u00a1Tenga en cuenta! El formulario se completa por persona. Si usted desea inscribir a alguien m\u00e1s, debe llenar otro formulario. &times; Inscripci\u00f3n de Catequesis \u2013 Parroquia San Bartolom\u00e9 Ap\u00f3stol, Barva de Heredia, Costa Rica. Pastoral de Comunicaci\u00f3n. 2025. Pol\u00edtica de Privacidad\u00a0 \u00a0|\u00a0 \u00a0 Ubicaci\u00f3n\u00a0 \u00a0 |\u00a0 \u00a0 Tour 360","og_url":"https:\/\/parroquiasanbartolome.org\/matricula\/validacion-espacios-confirmacion-adultos\/","og_site_name":"Inscripciones","article_modified_time":"2026-07-30T14:44:01+00:00","og_image":[{"width":3000,"height":3000,"url":"https:\/\/parroquiasanbartolome.org\/matricula\/wp-content\/uploads\/sites\/9\/2024\/02\/LOGO-BARVA.png","type":"image\/png"}],"twitter_card":"summary_large_image","twitter_misc":{"Tiempo de lectura":"1 minuto"},"schema":{"@context":"https:\/\/schema.org","@graph":[{"@type":"WebPage","@id":"https:\/\/parroquiasanbartolome.org\/matricula\/validacion-espacios-confirmacion-adultos\/","url":"https:\/\/parroquiasanbartolome.org\/matricula\/validacion-espacios-confirmacion-adultos\/","name":"Validaci\u00f3n Espacios Confirmaci\u00f3n Adultos - Inscripciones","isPartOf":{"@id":"https:\/\/parroquiasanbartolome.org\/matricula\/#website"},"primaryImageOfPage":{"@id":"https:\/\/parroquiasanbartolome.org\/matricula\/validacion-espacios-confirmacion-adultos\/#primaryimage"},"image":{"@id":"https:\/\/parroquiasanbartolome.org\/matricula\/validacion-espacios-confirmacion-adultos\/#primaryimage"},"thumbnailUrl":"https:\/\/parroquiasanbartolome.org\/matricula\/wp-content\/uploads\/sites\/9\/2024\/02\/LOGO-BARVA-1024x1024.png","datePublished":"2025-07-03T21:44:17+00:00","dateModified":"2026-07-30T14:44:01+00:00","breadcrumb":{"@id":"https:\/\/parroquiasanbartolome.org\/matricula\/validacion-espacios-confirmacion-adultos\/#breadcrumb"},"inLanguage":"es","potentialAction":[{"@type":"ReadAction","target":["https:\/\/parroquiasanbartolome.org\/matricula\/validacion-espacios-confirmacion-adultos\/"]}]},{"@type":"ImageObject","inLanguage":"es","@id":"https:\/\/parroquiasanbartolome.org\/matricula\/validacion-espacios-confirmacion-adultos\/#primaryimage","url":"https:\/\/parroquiasanbartolome.org\/matricula\/wp-content\/uploads\/sites\/9\/2024\/02\/LOGO-BARVA.png","contentUrl":"https:\/\/parroquiasanbartolome.org\/matricula\/wp-content\/uploads\/sites\/9\/2024\/02\/LOGO-BARVA.png","width":3000,"height":3000},{"@type":"BreadcrumbList","@id":"https:\/\/parroquiasanbartolome.org\/matricula\/validacion-espacios-confirmacion-adultos\/#breadcrumb","itemListElement":[{"@type":"ListItem","position":1,"name":"Portada","item":"https:\/\/parroquiasanbartolome.org\/matricula\/"},{"@type":"ListItem","position":2,"name":"Validaci\u00f3n Espacios Confirmaci\u00f3n Adultos"}]},{"@type":"WebSite","@id":"https:\/\/parroquiasanbartolome.org\/matricula\/#website","url":"https:\/\/parroquiasanbartolome.org\/matricula\/","name":"Inscripciones a Catequesis Parroquia San Bartolom\u00e9 Ap\u00f3stol","description":"Inscripciones Catequesis Parroquia San Bartolom\u00e9 Ap\u00f3stol","potentialAction":[{"@type":"SearchAction","target":{"@type":"EntryPoint","urlTemplate":"https:\/\/parroquiasanbartolome.org\/matricula\/?s={search_term_string}"},"query-input":{"@type":"PropertyValueSpecification","valueRequired":true,"valueName":"search_term_string"}}],"inLanguage":"es"}]}},"_links":{"self":[{"href":"https:\/\/parroquiasanbartolome.org\/matricula\/wp-json\/wp\/v2\/pages\/2986","targetHints":{"allow":["GET"]}}],"collection":[{"href":"https:\/\/parroquiasanbartolome.org\/matricula\/wp-json\/wp\/v2\/pages"}],"about":[{"href":"https:\/\/parroquiasanbartolome.org\/matricula\/wp-json\/wp\/v2\/types\/page"}],"author":[{"embeddable":true,"href":"https:\/\/parroquiasanbartolome.org\/matricula\/wp-json\/wp\/v2\/users\/1"}],"replies":[{"embeddable":true,"href":"https:\/\/parroquiasanbartolome.org\/matricula\/wp-json\/wp\/v2\/comments?post=2986"}],"version-history":[{"count":7,"href":"https:\/\/parroquiasanbartolome.org\/matricula\/wp-json\/wp\/v2\/pages\/2986\/revisions"}],"predecessor-version":[{"id":2994,"href":"https:\/\/parroquiasanbartolome.org\/matricula\/wp-json\/wp\/v2\/pages\/2986\/revisions\/2994"}],"wp:attachment":[{"href":"https:\/\/parroquiasanbartolome.org\/matricula\/wp-json\/wp\/v2\/media?parent=2986"}],"curies":[{"name":"wp","href":"https:\/\/api.w.org\/{rel}","templated":true}]}}